{"id":208,"date":"2020-05-29T17:44:06","date_gmt":"2020-05-29T15:44:06","guid":{"rendered":"https:\/\/zahnarzt-sittel.de\/?page_id=208"},"modified":"2020-09-17T09:47:00","modified_gmt":"2020-09-17T07:47:00","slug":"datenschutz","status":"publish","type":"page","link":"https:\/\/zahnarzt-sittel.de\/?page_id=208","title":{"rendered":"Datenschutzerkl\u00e4rung"},"content":{"rendered":"<p>[et_pb_section fb_built=&#8220;1&#8243; _builder_version=&#8220;4.4.7&#8243;][et_pb_row _builder_version=&#8220;4.4.7&#8243; width=&#8220;100%&#8220; max_width=&#8220;1440px&#8220; custom_padding=&#8220;|40px||40px|false|false&#8220;][et_pb_column type=&#8220;4_4&#8243; _builder_version=&#8220;4.4.7&#8243; custom_padding=&#8220;|30px||30px|false|false&#8220; box_shadow_style=&#8220;preset2&#8243;][et_pb_text _builder_version=&#8220;4.4.7&#8243; header_font=&#8220;Montserrat|300||on|||||&#8220; header_2_font=&#8220;Montserrat|300||on|||||&#8220; header_2_text_align=&#8220;left&#8220; header_2_text_color=&#8220;#3a3a39&#8243; header_2_font_size=&#8220;40px&#8220; header_2_line_height=&#8220;50px&#8220; custom_padding=&#8220;50px||||false|false&#8220;]<\/p>\n<h1>Datenschutzerkl\u00e4rung<\/h1>\n<p>[\/et_pb_text][et_pb_text _builder_version=&#8220;4.4.7&#8243; text_font=&#8220;Montserrat|300|||||||&#8220; text_text_color=&#8220;#3a3a39&#8243; text_font_size=&#8220;16px&#8220; text_line_height=&#8220;32px&#8220; custom_padding=&#8220;||||false|false&#8220;]<\/p>\n<p>Nachfolgend erhalten Sie Informationen \u00fcber die Erhebung personenbezogener Daten bei Nutzung unserer Internetseite. Zu den personenbezogene Daten geh\u00f6ren alle Daten, die auf Sie pers\u00f6nlich beziehbar sind (z.B. Name, Adresse, E-Mail-Adressen, Nutzerverhalten, IP-Adresse).<\/p>\n<p>[\/et_pb_text][et_pb_text _builder_version=&#8220;4.4.7&#8243; header_font=&#8220;Montserrat|300||on|||||&#8220; header_2_font=&#8220;Montserrat|300||on|||||&#8220; header_2_text_align=&#8220;left&#8220; header_2_text_color=&#8220;#3a3a39&#8243; header_2_font_size=&#8220;40px&#8220; header_2_line_height=&#8220;50px&#8220; custom_padding=&#8220;||||false|false&#8220;]<\/p>\n<h2>1. Wer ist in unserer Praxis f\u00fcr den Datenschutz verantwortlich?<\/h2>\n<p>[\/et_pb_text][et_pb_text _builder_version=&#8220;4.4.7&#8243; text_font=&#8220;Montserrat|300|||||||&#8220; text_text_color=&#8220;#3a3a39&#8243; text_font_size=&#8220;16px&#8220; text_line_height=&#8220;32px&#8220; custom_padding=&#8220;||||false|false&#8220;]In unserer Praxis ist f\u00fcr den Datenschutz verantwortlich und steht Ihnen bei Fragen zur Verf\u00fcgung:[\/et_pb_text][et_pb_text _builder_version=&#8220;4.4.7&#8243;]<\/p>\n<table>\n<tbody>\n<tr>\n<td>Praxisinhaber<\/td>\n<td>Christopher Sittel<\/td>\n<\/tr>\n<tr>\n<td>Rechtsform der Praxis<\/td>\n<td>Einzelpraxis<\/td>\n<\/tr>\n<tr>\n<td>Praxisadresse<\/td>\n<td>Wei\u00dfliliengasse 29, 55116 Mainz<\/td>\n<\/tr>\n<tr>\n<td>Telefon<\/td>\n<td>06131 225599<\/td>\n<\/tr>\n<tr>\n<td>Telefax<\/td>\n<td>06131 220606<\/td>\n<\/tr>\n<tr>\n<td>E-Mail<\/td>\n<td><a href=\"mailto:praxis@zahnarzt-sittel.de\" target=\"_blank\" rel=\"noopener noreferrer\" title=\"Email Zahnarztpraxis Dr Sittel\">praxis@zahnarzt-sittel.de<\/a><\/td>\n<\/tr>\n<\/tbody>\n<\/table>\n<p>[\/et_pb_text][et_pb_text _builder_version=&#8220;4.6.1&#8243; header_font=&#8220;Montserrat|300||on|||||&#8220; header_2_font=&#8220;Montserrat|300||on|||||&#8220; header_2_text_align=&#8220;left&#8220; header_2_text_color=&#8220;#3a3a39&#8243; header_2_font_size=&#8220;40px&#8220; header_2_line_height=&#8220;50px&#8220; custom_padding=&#8220;||||false|false&#8220;]<\/p>\n<h2>2. Welche personenbezogenen Daten erheben wir?<\/h2>\n<p>[\/et_pb_text][et_pb_text _builder_version=&#8220;4.6.1&#8243; text_font=&#8220;Montserrat|300|||||||&#8220; text_text_color=&#8220;#3a3a39&#8243; text_font_size=&#8220;16px&#8220; text_line_height=&#8220;32px&#8220; custom_padding=&#8220;||||false|false&#8220;]<\/p>\n<p>Wir erheben, speichern, nutzen, \u00fcbermitteln oder l\u00f6schen folgende personenbezogene Daten:<\/p>\n<ul>\n<li>Interessenten unserer Internetseite und Patienten unserer Praxis, die nat\u00fcrliche Personen sind<\/li>\n<li>Allen anderen nat\u00fcrlichen Personen, die in Kontakt mit unserer Praxis stehen (z.B. Bevollm\u00e4chtigte von Patienten, Erziehungsberechtigte von Patienten, Mitarbeiter juristischer Personen, Besucher unserer Internetseite)<\/li>\n<\/ul>\n<p>Personenbezogenen Daten von Ihnen werden von uns erhoben, wenn Sie mit uns z.B. per E-Mail oder Telefon in Kontakt treten und einen Behandlungstermin ausmachen wollen.<\/p>\n<p>Folgende pers\u00f6nliche Daten verarbeiten wir:<\/p>\n<ul>\n<li>Pers\u00f6nliche Angaben (z.B. Vor- und Nachnamen, Adresse, Geburtsdatum und -ort, E-Mail-Adresse, Telefonnummer, Versicherungsstatus);<\/li>\n<li>Daten zu Ihrem Online-Verhalten und -pr\u00e4ferenzen (z.B. IP-Adressen, eindeutige Zuordnungsmerkmale mobiler Endger\u00e4te, Daten zu Ihren Besuchen auf unserer Internetseite, Endger\u00e4te, mit denen Sie unsere Internetseite besucht haben)<\/li>\n<\/ul>\n<p>Angaben zu Kindern erheben wir nur dann, wenn diese durch die Erziehungsberechtigten in unserer Praxis als Patient vorgestellt werden.<\/p>\n<p>[\/et_pb_text][et_pb_text _builder_version=&#8220;4.6.1&#8243; header_font=&#8220;Montserrat|300||on|||||&#8220; header_2_font=&#8220;Montserrat|300||on|||||&#8220; header_2_text_align=&#8220;left&#8220; header_2_text_color=&#8220;#3a3a39&#8243; header_2_font_size=&#8220;40px&#8220; header_2_line_height=&#8220;50px&#8220; custom_padding=&#8220;||||false|false&#8220;]<\/p>\n<h2>3. Wer erh\u00e4lt ggf. Ihre personenbezogenen Daten \u00fcbermittelt?<\/h2>\n<p>[\/et_pb_text][et_pb_text _builder_version=&#8220;4.4.7&#8243; text_font=&#8220;Montserrat|300|||||||&#8220; text_text_color=&#8220;#3a3a39&#8243; text_font_size=&#8220;16px&#8220; text_line_height=&#8220;32px&#8220; custom_padding=&#8220;||||false|false&#8220;]Falls einzelne Funktionen unserer Internetseite auf beauftragte Dienstleister zur\u00fcckgreifen, informieren wir Sie in Ziffer 5 dieser Datenschutzerkl\u00e4rung im Detail \u00fcber die jeweiligen Vorg\u00e4nge. Dabei nennen wir auch die festgelegten Kriterien der Speicherdauer.[\/et_pb_text][et_pb_text _builder_version=&#8220;4.6.1&#8243; header_font=&#8220;Montserrat|300||on|||||&#8220; header_2_font=&#8220;Montserrat|300||on|||||&#8220; header_2_text_align=&#8220;left&#8220; header_2_text_color=&#8220;#3a3a39&#8243; header_2_font_size=&#8220;40px&#8220; header_2_line_height=&#8220;50px&#8220; custom_padding=&#8220;||||false|false&#8220;]<\/p>\n<h2>4. Welchem Zweck dienen Ihre Daten und mit welcher Rechtfertigung d\u00fcrfen wir diese nutzen?<\/h2>\n<p>[\/et_pb_text][et_pb_text _builder_version=&#8220;4.4.7&#8243; text_font=&#8220;Montserrat|300|||||||&#8220; text_text_color=&#8220;#3a3a39&#8243; text_font_size=&#8220;16px&#8220; text_line_height=&#8220;32px&#8220; custom_padding=&#8220;||||false|false&#8220;]Wenn Sie unsere Internetseite ausschlie\u00dflich dazu nutzen, sich \u00fcber unsere Praxis zu informieren, erheben wir nur die personenbezogenen Daten, die Ihr Browser an unseren Server \u00fcbermittelt. Wenn Sie unsere Website betrachten m\u00f6chten, erheben wir die folgenden Daten, die f\u00fcr uns technisch erforderlich sind, um Ihnen unsere Website anzuzeigen und die Stabilit\u00e4t und Sicherheit zu gew\u00e4hrleisten (Rechtsgrundlage ist Art. 6 Abs. 1 S. 1 lit. f DSGVO):<\/p>\n<ul>\n<li>IP-Adresse<\/li>\n<li>Datum und Uhrzeit der Anfrage<\/li>\n<li>Zeitzonendifferenz zur Greenwich Mean Time (GMT)<\/li>\n<li>Inhalt der Anforderung (konkrete Seite)<\/li>\n<li>Zugriffsstatus\/HTTP-Statuscode<\/li>\n<li>jeweils \u00fcbertragene Datenmenge<\/li>\n<li>Website, von der die Anforderung kommt<\/li>\n<li>Browser<\/li>\n<li>Betriebssystem und dessen Oberfl\u00e4che<\/li>\n<li>Sprache und Version der Browsersoftware.<\/li>\n<\/ul>\n<p>Zus\u00e4tzlich zu diesen Daten werden bei Ihrer Nutzung unserer Internetseite auch Cookies auf Ihrem Rechner gespeichert. Bei Cookies handelt es sich um kleine Textdateien, die auf Ihrer Festplatte dem von Ihnen verwendeten Browser zugeordnet gespeichert werden und durch welche der Stelle, die den Cookie setzt (hier durch uns), bestimmte Informationen zuflie\u00dfen. Cookies k\u00f6nnen keine Programme ausf\u00fchren oder Viren auf Ihren Computer \u00fcbertragen. Sie dienen dazu, das Internetangebot insgesamt nutzerfreundlicher und effektiver zu machen.<\/p>\n<p><strong>Einsatz von Cookies:<\/strong><\/p>\n<ol>\n<li>Diese Website nutzt folgende Arten von Cookies, deren Umfang und Funktionsweise im Folgenden erl\u00e4utert werden:<\/li>\n<\/ol>\n<ul>\n<li>Transiente Cookies (dazu b)<\/li>\n<li>Persistente Cookies (dazu c).<\/li>\n<\/ul>\n<ol>\n<li>Transiente Cookies werden automatisiert gel\u00f6scht, wenn Sie den Browser schlie\u00dfen. Dazu z\u00e4hlen insbesondere die Session-Cookies. Diese speichern eine sogenannte Session-ID, mit welcher sich verschiedene Anfragen Ihres Browsers der gemeinsamen Sitzung zuordnen lassen. Dadurch kann Ihr Rechner wiedererkannt werden, wenn Sie auf unsere Website zur\u00fcckkehren. Die Session-Cookies werden gel\u00f6scht, wenn Sie sich ausloggen oder den Browser schlie\u00dfen.<\/li>\n<p><\/p>\n<li>Persistente Cookies werden automatisiert nach einer vorgegebenen Dauer gel\u00f6scht, die sich je nach Cookie unterscheiden kann. Sie k\u00f6nnen die Cookies in den Sicherheitseinstellungen Ihres Browsers jederzeit l\u00f6schen.<\/li>\n<p><\/p>\n<li>Sie k\u00f6nnen Ihre Browser-Einstellung entsprechend Ihren W\u00fcnschen konfigurieren und z.\u2009B. die Annahme von Third-Party-Cookies oder allen Cookies ablehnen. Wir weisen Sie darauf hin, dass Sie eventuell nicht alle Funktionen dieser Website nutzen k\u00f6nnen.<\/li>\n<\/ol>\n<p>Wollen Sie per E-Mail oder \u00fcber unser Kontaktformular einen Behandlungstermin vereinbaren oder eine Frage an uns richten, werden die von Ihnen mitgeteilten Daten (Ihre E-Mail-Adresse, ggf. Ihr Name und Ihre Telefonnummer) von uns gespeichert, um Ihnen einen Behandlungstermin zuweisen oder die Anfrage beantworten zu k\u00f6nnen. Die in diesem Zusammenhang anfallenden Daten l\u00f6schen wir, nachdem die Speicherung nicht mehr erforderlich ist, oder schr\u00e4nken die Verarbeitung ein, falls gesetzliche Aufbewahrungspflichten bestehen (Rechtsgrundlage ist Art. 6 Abs. 1 S. 1 lit. b DSGVO).[\/et_pb_text][et_pb_text _builder_version=&#8220;4.6.1&#8243; header_font=&#8220;Montserrat|300||on|||||&#8220; header_2_font=&#8220;Montserrat|300||on|||||&#8220; header_2_text_align=&#8220;left&#8220; header_2_text_color=&#8220;#3a3a39&#8243; header_2_font_size=&#8220;40px&#8220; header_2_line_height=&#8220;50px&#8220; custom_padding=&#8220;||||false|false&#8220;]<\/p>\n<h2>5. Welche Rechte haben Sie im Zusammenhang mit dem Datenschutz?<\/h2>\n<p>[\/et_pb_text][et_pb_text _builder_version=&#8220;4.4.7&#8243; text_font=&#8220;Montserrat|300|||||||&#8220; text_text_color=&#8220;#3a3a39&#8243; text_font_size=&#8220;16px&#8220; text_line_height=&#8220;32px&#8220; custom_padding=&#8220;||||false|false&#8220;]<\/p>\n<p>Sie haben gegen\u00fcber uns folgende Rechte hinsichtlich der Sie betreffenden personenbezogenen Daten:<\/p>\n<ul>\n<li>Recht auf Auskunft,<\/li>\n<li>Recht auf Berichtigung oder L\u00f6schung,<\/li>\n<li>Recht auf Einschr\u00e4nkung der Verarbeitung,<\/li>\n<li>Recht auf Widerspruch gegen die Verarbeitung,<\/li>\n<li>Recht auf Daten\u00fcbertragbarkeit.<\/li>\n<\/ul>\n<p>[\/et_pb_text][et_pb_text _builder_version=&#8220;4.6.1&#8243; header_font=&#8220;Montserrat|300||on|||||&#8220; header_2_font=&#8220;Montserrat|300||on|||||&#8220; header_2_text_align=&#8220;left&#8220; header_2_text_color=&#8220;#3a3a39&#8243; header_2_font_size=&#8220;40px&#8220; header_2_line_height=&#8220;50px&#8220; custom_padding=&#8220;||||false|false&#8220;]<\/p>\n<h2>6. Wie k\u00f6nnen Sie sich ggf. beschweren?<\/h2>\n<p>[\/et_pb_text][et_pb_text _builder_version=&#8220;4.6.1&#8243; text_font=&#8220;Montserrat|300|||||||&#8220; text_text_color=&#8220;#3a3a39&#8243; text_font_size=&#8220;16px&#8220; text_line_height=&#8220;32px&#8220; custom_padding=&#8220;||||false|false&#8220; hover_enabled=&#8220;0&#8243; custom_margin=&#8220;||50px||false|false&#8220; sticky_enabled=&#8220;0&#8243;]<\/p>\n<p>Sie haben die M\u00f6glichkeit, sich mit einer Beschwerde im Zusammenhang mit der Datenverarbeitung an die f\u00fcr uns zust\u00e4ndige Datenschutzaufsicht zu wenden:<\/p>\n<p>Der Landesbeauftragte f\u00fcr den Datenschutz Rheinland-Pfalz<\/p>\n<p>Prof. Dr. Dieter Kugelmann<\/p>\n<p>Hintere Bleiche 34<br \/> 55116 Mainz<\/p>\n<p>[\/et_pb_text][\/et_pb_column][\/et_pb_row][\/et_pb_section]<\/p>\n","protected":false},"excerpt":{"rendered":"<p>[et_pb_section fb_built=&#8220;1&#8243; _builder_version=&#8220;4.4.7&#8243;][et_pb_row _builder_version=&#8220;4.4.7&#8243; width=&#8220;100%&#8220; max_width=&#8220;1440px&#8220; custom_padding=&#8220;|40px||40px|false|false&#8220;][et_pb_column type=&#8220;4_4&#8243; _builder_version=&#8220;4.4.7&#8243; custom_padding=&#8220;|30px||30px|false|false&#8220; box_shadow_style=&#8220;preset2&#8243;][et_pb_text _builder_version=&#8220;4.4.7&#8243; header_font=&#8220;Montserrat|300||on|||||&#8220; header_2_font=&#8220;Montserrat|300||on|||||&#8220; header_2_text_align=&#8220;left&#8220; header_2_text_color=&#8220;#3a3a39&#8243; header_2_font_size=&#8220;40px&#8220; header_2_line_height=&#8220;50px&#8220; custom_padding=&#8220;50px||||false|false&#8220;] Datenschutzerkl\u00e4rung [\/et_pb_text][et_pb_text _builder_version=&#8220;4.4.7&#8243; text_font=&#8220;Montserrat|300|||||||&#8220; text_text_color=&#8220;#3a3a39&#8243; text_font_size=&#8220;16px&#8220; text_line_height=&#8220;32px&#8220; custom_padding=&#8220;||||false|false&#8220;] Nachfolgend erhalten Sie Informationen \u00fcber die Erhebung personenbezogener Daten bei Nutzung unserer Internetseite. Zu den personenbezogene Daten geh\u00f6ren alle Daten, die auf Sie pers\u00f6nlich beziehbar sind (z.B. Name, [&hellip;]<\/p>\n","protected":false},"author":1,"featured_media":0,"parent":0,"menu_order":0,"comment_status":"closed","ping_status":"closed","template":"","meta":{"_et_pb_use_builder":"on","_et_pb_old_content":"<p>Dies ist eine Beispiel-Seite. Sie unterscheidet sich von Beitr\u00e4gen, weil sie stets an der selben Stelle bleibt und (bei den meisten Themes) in der Navigationsleiste angezeigt wird. Die meisten Leute starten mit einer \u201e\u00dcber uns\u201c-Seite mit einer Vorstellung f\u00fcr m\u00f6gliche Besucher der Website. Dort k\u00f6nnte zum Beispiel stehen:<\/p><blockquote><p>Hallo! Tags\u00fcber arbeite ich als Fahrradkurier, nachts bin ich ein aufstrebender Schauspieler und dies hier ist mein Blog. Ich lebe in Berlin, habe einen gro\u00dfen Hund namens Jack, mag die Fantastischen Vier\u00a0und ein k\u00fchles Bier.<\/p><\/blockquote><p>Als neuer WordPress-Anwender solltest du das <a href=\"http:\/\/xdast.abcde.biz\/wordpress\/wp-admin\/\">Dashboard<\/a> aufrufen, um diese Seite zu l\u00f6schen und statt dessen eine neue Seite mit deinem eigenen Inhalt erstellen. Viel Spa\u00df!<\/p>","_et_gb_content_width":"","footnotes":""},"class_list":["post-208","page","type-page","status-publish","hentry"],"_links":{"self":[{"href":"https:\/\/zahnarzt-sittel.de\/index.php?rest_route=\/wp\/v2\/pages\/208","targetHints":{"allow":["GET"]}}],"collection":[{"href":"https:\/\/zahnarzt-sittel.de\/index.php?rest_route=\/wp\/v2\/pages"}],"about":[{"href":"https:\/\/zahnarzt-sittel.de\/index.php?rest_route=\/wp\/v2\/types\/page"}],"author":[{"embeddable":true,"href":"https:\/\/zahnarzt-sittel.de\/index.php?rest_route=\/wp\/v2\/users\/1"}],"replies":[{"embeddable":true,"href":"https:\/\/zahnarzt-sittel.de\/index.php?rest_route=%2Fwp%2Fv2%2Fcomments&post=208"}],"version-history":[{"count":12,"href":"https:\/\/zahnarzt-sittel.de\/index.php?rest_route=\/wp\/v2\/pages\/208\/revisions"}],"predecessor-version":[{"id":446,"href":"https:\/\/zahnarzt-sittel.de\/index.php?rest_route=\/wp\/v2\/pages\/208\/revisions\/446"}],"wp:attachment":[{"href":"https:\/\/zahnarzt-sittel.de\/index.php?rest_route=%2Fwp%2Fv2%2Fmedia&parent=208"}],"curies":[{"name":"wp","href":"https:\/\/api.w.org\/{rel}","templated":true}]}}